{"id":7,"date":"2018-04-04T12:52:31","date_gmt":"2018-04-04T12:52:31","guid":{"rendered":"https:\/\/netzwerktechnik-ecker.de\/?page_id=7"},"modified":"2020-04-08T09:04:29","modified_gmt":"2020-04-08T09:04:29","slug":"startseite","status":"publish","type":"page","link":"https:\/\/elektro-ecker.de\/","title":{"rendered":"Herzlich Willkommen!"},"content":{"rendered":"<p><strong>Herzlich Willkommen!<\/strong><\/p>\n<p>Suchen Sie nach EDV-L\u00f6sungen f\u00fcr Ihr Unternehmen? Wir bieten Ihnen ein komplettes Dienstleistungsangebot rund um die betriebliche elektronische Datenverarbeitung.<\/p>\n<p>F\u00fcr individuelle Probleme erstellen wir individuelle L\u00f6sungen!<\/p>\n<p>Unser Angebot erstreckt sich von der herstellerunabh\u00e4ngigen Beratung zu Hard- und Softwarekomponenten \u00fcber die konkrete Planung und Realisierung des betrieblichen Informationswesens. Verkauf, Installation, Wartung und Betreuung von Hard- und Software sowie die Schulung der Mitarbeiterinnen und Mitarbeiter runden unser Dienstleistungsspektrum ab.<\/p>\n\n\n<p class=\"wp-block-paragraph\"><\/p>\n","protected":false},"excerpt":{"rendered":"<p>Herzlich Willkommen! Suchen Sie nach EDV-L\u00f6sungen f\u00fcr Ihr Unternehmen? Wir bieten Ihnen ein komplettes Dienstleistungsangebot rund um die betriebliche elektronische Datenverarbeitung. F\u00fcr individuelle Probleme erstellen wir individuelle L\u00f6sungen! Unser Angebot erstreckt sich von der herstellerunabh\u00e4ngigen Beratung zu Hard- und Softwarekomponenten \u00fcber die konkrete Planung und [&hellip;]<\/p>\n","protected":false},"author":1,"featured_media":0,"parent":0,"menu_order":0,"comment_status":"closed","ping_status":"closed","template":"","meta":{"footnotes":""},"class_list":["post-7","page","type-page","status-publish","hentry"],"_links":{"self":[{"href":"https:\/\/elektro-ecker.de\/index.php?rest_route=\/wp\/v2\/pages\/7","targetHints":{"allow":["GET"]}}],"collection":[{"href":"https:\/\/elektro-ecker.de\/index.php?rest_route=\/wp\/v2\/pages"}],"about":[{"href":"https:\/\/elektro-ecker.de\/index.php?rest_route=\/wp\/v2\/types\/page"}],"author":[{"embeddable":true,"href":"https:\/\/elektro-ecker.de\/index.php?rest_route=\/wp\/v2\/users\/1"}],"replies":[{"embeddable":true,"href":"https:\/\/elektro-ecker.de\/index.php?rest_route=%2Fwp%2Fv2%2Fcomments&post=7"}],"version-history":[{"count":7,"href":"https:\/\/elektro-ecker.de\/index.php?rest_route=\/wp\/v2\/pages\/7\/revisions"}],"predecessor-version":[{"id":169,"href":"https:\/\/elektro-ecker.de\/index.php?rest_route=\/wp\/v2\/pages\/7\/revisions\/169"}],"wp:attachment":[{"href":"https:\/\/elektro-ecker.de\/index.php?rest_route=%2Fwp%2Fv2%2Fmedia&parent=7"}],"curies":[{"name":"wp","href":"https:\/\/api.w.org\/{rel}","templated":true}]}}